{"id":3697,"date":"2021-05-13T00:36:40","date_gmt":"2021-05-13T00:36:40","guid":{"rendered":"https:\/\/www.asbestosclaims.law\/?page_id=3697"},"modified":"2023-03-23T09:28:51","modified_gmt":"2023-03-23T15:28:51","slug":"non-malignant-injuries","status":"publish","type":"page","link":"https:\/\/www.asbestosclaims.law\/es\/asbesto-sintomas-y-tratamiento\/lesiones-por-asbesto\/lesiones-no-malignas\/","title":{"rendered":"Lesiones no malignas"},"content":{"rendered":"<a id=\"video-body\"><\/a>\n\n\n\n<figure class=\"wp-block-embed is-type-video is-provider-youtube wp-block-embed-youtube video-embed-body wp-embed-aspect-16-9 wp-has-aspect-ratio\"><div class=\"wp-block-embed__wrapper\">\n<iframe title=\"What is Non Malignant Plueral Disease Resulting from Asbestos?\" width=\"640\" height=\"360\" src=\"https:\/\/www.youtube.com\/embed\/Y_RA6_ljNFc?feature=oembed\" frameborder=\"0\" allow=\"accelerometer; autoplay; clipboard-write; encrypted-media; gyroscope; picture-in-picture; web-share\" referrerpolicy=\"strict-origin-when-cross-origin\" allowfullscreen><\/iframe>\n<\/div><\/figure>\n\n\n\n<h2 class=\"wp-block-heading\" id=\"h-non-malignant-asbestos-illnesses-can-take-four-or-five-decades-to-appear\">Las enfermedades no malignas por asbesto pueden tardar cuatro o cinco d\u00e9cadas en aparecer.<\/h2>\n\n\n\n<p>El asbesto es un mineral que se utiliz\u00f3 en todo tipo de edificios, veh\u00edculos, maquinaria y productos industriales y residenciales. El asbesto es fibroso y polvoriento, y se inhala o traga f\u00e1cilmente del aire.<\/p>\n\n\n\n<p><strong>Inhalar o tragar fibras de asbesto puede causar una amplia gama de problemas de salud.<\/strong><\/p>\n\n\n\n<p><a href=\"https:\/\/www.asbestosclaims.law\/es\/asbestos-symptoms-and-treatment\/asbestos-injuries\/\">Enfermedades relacionadas con el asbesto<\/a> puede tardar hasta cinco d\u00e9cadas en aparecer. Los problemas de salud causados por la exposici\u00f3n al asbesto a menudo se dividen en dos categor\u00edas:<\/p>\n\n\n\n<div class=\"wp-block-columns row no-gutters is-layout-flex wp-container-core-columns-is-layout-9d6595d7 wp-block-columns-is-layout-flex\">\n<div class=\"wp-block-column col-sm-12 col-md-12 col-lg-12 col-xl-7 is-layout-flow wp-block-column-is-layout-flow\" style=\"flex-basis:66.66%\">\n<h4 class=\"wp-block-heading\" id=\"h-malignant-asbestos-related-conditions\"><em>Maligno <\/em>condiciones relacionadas con el asbesto.<\/h4>\n\n\n\n<p><a href=\"https:\/\/www.asbestosclaims.law\/es\/asbestos-symptoms-and-treatment\/asbestos-injuries\/\">Enfermedades malignas<\/a> causadas por el amianto son muy da\u00f1inos y, a menudo, fatales. Incluyen mesotelioma y otros c\u00e1nceres.<\/p>\n\n\n\n<h4 class=\"wp-block-heading\" id=\"h-non-malignant-asbestos-related-conditions\">Afecciones no malignas relacionadas con el asbestos<\/h4>\n\n\n\n<p>Los problemas de salud no malignos provocados por la exposici\u00f3n al asbesto no son tan agresivos ni fatales. Estas afecciones no siempre ponen en peligro la vida, pero a menudo son dolorosas y no curables.<\/p>\n\n\n\n<p><strong>Y la asbestosis, una enfermedad no maligna, puede provocar problemas de salud mucho m\u00e1s graves, como el c\u00e1ncer.<\/strong><\/p>\n\n\n\n<section style=\"margin:30px 0px\">\n            <div style=\"padding:30px 10px !Important;background-color:#000;margin:0px\">\n                <div>\n                    <table style=\"width:100%;margin:0px auto\">\n                        <tbody><tr>\n                            <td class=\"tdancho1\" style=\"vertical-align:top\"><img decoding=\"async\" src=\"https:\/\/www.asbestosclaims.law\/wp-content\/uploads\/2021\/05\/comillaizq.png\" alt=\"Reclamaciones de asbesto\"><\/td>\n                            <td class=\"tdancho2\" style=\"text-align:center\">\n<h3 style=\"margin-top:12px;color:#fff;font-size:22px;line-height:30px;font-family:'Noto Serif'\"><em>\"Si tiene asbestosis, tiene un mayor riesgo de desarrollar c\u00e1ncer de pulm\u00f3n\".<sup>2<\/sup><\/em><\/h3><\/td>\n                            <td class=\"tdancho3\" style=\"vertical-align:bottom\"><img decoding=\"async\" src=\"https:\/\/www.asbestosclaims.law\/wp-content\/uploads\/2021\/05\/comillader.png\" alt=\"Reclamaciones de asbesto\"><\/td>\n                        <\/tr>\n                    <\/tbody><\/table>\n                <\/div>\n            <\/div>\n        <\/section>\n<\/div>\n\n\n\n<div class=\"wp-block-column col-sm-12 col-md-12 col-lg-12 col-xl-5 text-center is-layout-flow wp-block-column-is-layout-flow\" style=\"flex-basis:33.33%\">\n<figure class=\"wp-block-image size-large\"><img decoding=\"async\" width=\"250\" height=\"444\" src=\"https:\/\/www.asbestosclaims.law\/wp-content\/uploads\/2021\/05\/img04-1-edited.jpg\" alt=\"\" class=\"wp-image-3744\" srcset=\"https:\/\/www.asbestosclaims.law\/wp-content\/uploads\/2021\/05\/img04-1-edited.jpg 250w, https:\/\/www.asbestosclaims.law\/wp-content\/uploads\/2021\/05\/img04-1-edited-7x12.jpg 7w\" sizes=\"(max-width: 250px) 100vw, 250px\" \/><\/figure>\n<\/div>\n<\/div>\n\n\n\n<h2 class=\"wp-block-heading\" id=\"h-asbestos-is-dangerous-for-the-same-reason-it-causes-disease-it-is-durable\">El asbesto es peligroso por la misma raz\u00f3n por la que causa enfermedades: es duradero.<\/h2>\n\n\n\n<p>For over 2000 years, humans have used asbestos for its fireproofing qualities. The ancient Greeks gave this mineral its name &#8220;asbestos&#8221;, meaning <em>indestructible.<\/em><\/p>\n\n\n\n<p>A lo largo de la historia, las personas tambi\u00e9n han notado que las personas que trabajan con asbesto o cerca de ellas a menudo desarrollan problemas respiratorios.<\/p>\n\n\n\n<p><strong>Y desde la d\u00e9cada de 1930, la industria del asbesto ten\u00eda estudios m\u00e9dicos que mostraban que la exposici\u00f3n al asbesto causaba importantes problemas de salud en sus empleados.<\/strong><\/p>\n\n\n\n<p>Pero el asbesto era duradero, resistente al calor y la corrosi\u00f3n. Puede romperse f\u00e1cilmente en fibras o polvo y tejerse o rociarse sobre otros productos.<\/p>\n\n\n\n<h3 class=\"wp-block-heading\" id=\"h-most-importantly-it-was-cheap-and-easily-pulled-out-of-the-ground\">Lo m\u00e1s importante es que era barato y se sacaba f\u00e1cilmente del suelo.<\/h3>\n\n\n\n<p>Entonces, en lugar de advertir a los empleados y consumidores de los peligros de la exposici\u00f3n al asbesto en edificios y productos, la industria del asbesto ocult\u00f3 los peligros. <a href=\"https:\/\/www.asbestosclaims.law\/es\/learning-center\/legal-history-of-asbestos\/\">That&#8217;s not an exaggeration.<\/a><\/p>\n\n\n\n<section class=\"boxtextnew\">\n            <div class=\"row pt-5 5 px-xl-0 px-lg-3\" style=\"padding:30px 10px !Important;background-color:#F8F7F6;margin:0px\">\n                <div class=\"col-md-12\">\n                    <table style=\"width:90%;margin:0px auto\">\n                        <tbody><tr>                            \n                            <td style=\"width:90%;text-align:center\"><h4 style=\"margin-top:12px\"><a href=\"https:\/\/www.asbestosclaims.law\/es\/centro-de-aprendizaje\/historial-legal-de-asbesto\/\">Obtenga informaci\u00f3n sobre la industria del asbesto aqu\u00ed<\/a><\/h4><\/td>                            \n                        <\/tr>\n                    <\/tbody><\/table>\n                <\/div>\n            <\/div>\n        <\/section>\n\n\n\n<h3 class=\"wp-block-heading\" id=\"h-many-people-do-not-know-they-have-damage-from-asbestos-exposure\">Muchas personas no saben que tienen da\u00f1os por exposici\u00f3n al asbesto.<\/h3>\n\n\n\n<div class=\"wp-block-columns row no-gutters is-layout-flex wp-container-core-columns-is-layout-9d6595d7 wp-block-columns-is-layout-flex\">\n<div class=\"wp-block-column col-sm-12 col-md-12 col-lg-12 col-xl-5 text-center is-layout-flow wp-block-column-is-layout-flow\" style=\"flex-basis:33.33%\">\n<figure class=\"wp-block-image size-large\"><img decoding=\"async\" width=\"264\" height=\"455\" src=\"https:\/\/www.asbestosclaims.law\/wp-content\/uploads\/2021\/05\/Some-do-not-even-realize-they-have-been-exposed.jpg\" alt=\"\" class=\"wp-image-4176\" srcset=\"https:\/\/www.asbestosclaims.law\/wp-content\/uploads\/2021\/05\/Some-do-not-even-realize-they-have-been-exposed.jpg 264w, https:\/\/www.asbestosclaims.law\/wp-content\/uploads\/2021\/05\/Some-do-not-even-realize-they-have-been-exposed-7x12.jpg 7w\" sizes=\"(max-width: 264px) 100vw, 264px\" \/><\/figure>\n<\/div>\n\n\n\n<div class=\"wp-block-column col-sm-12 col-md-12 col-lg-12 col-xl-7 is-layout-flow wp-block-column-is-layout-flow\" style=\"flex-basis:66.66%\">\n<h5 class=\"wp-block-heading\" id=\"h-some-do-not-even-realize-they-have-been-exposed\">Algunos ni siquiera se dan cuenta de que han estado expuestos.<\/h5>\n\n\n\n<ul class=\"check-list\"><li><strong>Las fibras de asbesto pueden ser microsc\u00f3picas.<\/strong><br>Una persona no siempre sabe que hay asbesto en el aire.<\/li><li><strong>Las fibras de asbesto no tienen sabor ni olor.<\/strong><br>Es posible que las personas no sepan que lo est\u00e1n respirando.<\/li><li><strong>Las fibras de asbesto tambi\u00e9n pueden ingresar al cuerpo a trav\u00e9s del sistema digestivo.<\/strong><br>Las fibras de asbesto en el aire se pueden tragar.<br>La ingesti\u00f3n de fibras de asbesto puede provocar da\u00f1os en el est\u00f3mago y el colon.<\/li><li><strong>Asbestos fibers damage a body&#8217;s health slowly and quietly.<\/strong><br>Una vez que las fibras de asbesto ingresan a los sistemas respiratorio o digestivo, pueden incrustarse en los tejidos y las membranas, irrit\u00e1ndolos y da\u00f1\u00e1ndolos.<br>Con el tiempo, las cicatrices y el funcionamiento m\u00e1s deficiente pueden provocar otros problemas de salud, <a href=\"https:\/\/www.asbestosclaims.law\/es\/asbestos-symptoms-and-treatment\/asbestos-injuries\/malignant-injuries\/\">incluido el c\u00e1ncer.<\/a><br>Los s\u00edntomas pueden incluso tardar hasta cincuenta a\u00f1os en aparecer.<\/li><\/ul>\n<\/div>\n<\/div>\n\n\n\n<section class=\"boxtextnew\">\n            <div class=\"row pt-5 5 px-xl-0 px-lg-3\" style=\"padding:30px 10px !Important;background-color:#F8F7F6;margin:0px\">\n                <div class=\"col-md-12\">\n                    <table style=\"width:90%;margin:0px auto\">\n                        <tbody><tr>                            \n                            <td style=\"width:90%;text-align:left\"><h4 style=\"margin-top:12px\">Si tiene s\u00edntomas de una enfermedad relacionada con el asbesto, hable con un profesional de la salud.<\/h4><\/td>                            \n                        <\/tr>\n                    <\/tbody><\/table>\n                <\/div>\n            <\/div>\n        <\/section>\n\n\n\n<h2 class=\"wp-block-heading\" id=\"h-how-does-asbestos-cause-injuries-like-asbestosis-and-pleural-plaques\">\u00bfC\u00f3mo causa el asbesto lesiones como la asbestosis y las placas pleurales?<\/h2>\n\n\n\n<p>Desafortunadamente, la durabilidad del asbesto lo hace extremadamente da\u00f1ino para los humanos cuando se inhala:<\/p>\n\n\n\n<ul class=\"check-list wp-block-list\"><li><strong>Cuando una persona inhala fibras de asbesto, estas se introducen en los pulmones y <em>pleura<\/em><\/strong> (el tejido que rodea y protege los pulmones y la cavidad tor\u00e1cica).<\/li><li><strong>Luego, las fibras se incrustan en los pulmones y las membranas pleurales. <\/strong>Incluso las fibras de amianto microsc\u00f3picas son extremadamente fuertes y resistentes. No se evaporan, no se disuelven en agua, no se derriten, no se corroen ni se descomponen.<\/li><li>Algunas fibras de asbesto pueden toser. <strong>Pero parte del asbesto inhalado se deposita profundamente en los pulmones y nunca sale del cuerpo.<\/strong><sup>3<\/sup><\/li><li><strong>Con el tiempo, estas fibras de asbesto peque\u00f1as y duraderas pueden causar problemas de salud.<\/strong> Las fibras son como agujas diminutas, que perforan y desgarran los pulmones, la pleura y otros tejidos.<\/li><li><strong>El tejido cicatricial se acumula y eventualmente causa s\u00edntomas:<\/strong><ul><li>Toser<\/li><li>Dificultad para respirar y dolor.<\/li><li>Disminuci\u00f3n de la capacidad pulmonar.<\/li><\/ul><\/li><li>Finalmente <strong>cicatrices y da\u00f1os en el pulm\u00f3n y la pleura causados por fibras de asbestos <\/strong>puede provocar enfermedades cr\u00f3nicas como asbestosis y fibrosis pulmonar.<\/li><li><strong>Incluso una peque\u00f1a exposici\u00f3n al asbesto puede causar da\u00f1os graves con el tiempo.<\/strong><\/li><\/ul>\n\n\n\n<section class=\"boxtextnew\">\n            <div class=\"row pt-5 5 px-xl-0 px-lg-3\" style=\"padding:30px 10px !Important;background-color:#F8F7F6;margin:0px\">\n                <div class=\"col-md-12\">\n                    <table style=\"width:90%;margin:0px auto\">\n                        <tbody><tr>                            \n                            <td style=\"width:90%;text-align:left\"><h4 style=\"margin-top:12px\">&#8220;Although it is clear that the health risks from asbestos exposure increase with heavier exposure and longer exposure time, investigators have found asbestos-related diseases in individuals with only brief exposures. Generally, those who develop asbestos-related diseases show no signs of illness for a long time after exposure.&#8221; -National Cancer Institute (NIH)<sup>4<\/sup><\/h4><\/td>                            \n                        <\/tr>\n                    <\/tbody><\/table>\n                <\/div>\n            <\/div>\n        <\/section>\n\n\n\n<h3 class=\"wp-block-heading\" id=\"h-what-non-malignant-diseases-and-health-problems-are-caused-by-asbestos-exposure\">\u00bfQu\u00e9 enfermedades no malignas y problemas de salud son causados por la exposici\u00f3n al asbesto?<\/h3>\n\n\n\n<p>El asbesto puede causar varios tipos de enfermedades malignas, incluido el c\u00e1ncer. El mesotelioma es un tipo de c\u00e1ncer agresivo causado casi exclusivamente por el asbestos.<\/p>\n\n\n\n<p>But asbestos also causes non-malignant illnesses that are often chronic and without any cure. They may cause pain and diminish one&#8217;s capacity to work.<\/p>\n\n\n\n<p>Las enfermedades no malignas relacionadas con el asbesto incluyen:<\/p>\n\n\n\n<div class=\"wp-block-columns row no-gutters is-layout-flex wp-container-core-columns-is-layout-9d6595d7 wp-block-columns-is-layout-flex\">\n<div class=\"wp-block-column col-sm-12 col-md-12 col-lg-12 col-xl-7 is-layout-flow wp-block-column-is-layout-flow\" style=\"flex-basis:66.66%\">\n<h4 class=\"wp-block-heading\" id=\"h-asbestosis\">La Asbestosis<\/h4>\n\n\n\n<p><em>La Asbestosis<\/em> es una enfermedad pulmonar cr\u00f3nica causada por la inhalaci\u00f3n de fibras de asbesto.<\/p>\n\n\n\n<p>Asbestos can be diagnosed with a breath exam that tests a person&#8217;s lung capacity. Asbestos can also be detected with an X-ray that shows excessive whiteness in the lungs.<\/p>\n\n\n\n<div class=\"accordion\" id=\"persian\">\n<div class=\"reason-item\">\n<div class=\"reason-item-header\" id=\"persian1\">\n<p class=\"mb-0\">\n<button class=\"btn-reason text-left\" type=\"button\" data-toggle=\"collapse\" data-target=\"#persian-1\">\nLos s\u00edntomas de la asbestosis incluyen:\n<\/button>\n<\/p>\n<\/div>\n<div id=\"persian-1\" class=\"collapse\" aria-labelledby=\"persian1\" data-parent=\"#persian\">\n<div class=\"card-body\"><ul><li>Respiraci\u00f3n dificultosa<\/li><li>Tos seca continua<\/li><li>Opresi\u00f3n o dolor en el pecho<\/li><li>Dedos de los dedos de las manos y los pies (redondez causada por bajo nivel de ox\u00edgeno)<\/li><\/ul><\/div>\n<\/div>\n<\/div>\n<\/div>\n<\/div>\n\n\n\n<div class=\"wp-block-column col-sm-12 col-md-12 col-lg-12 col-xl-5 text-center is-layout-flow wp-block-column-is-layout-flow\" style=\"flex-basis:33.33%\">\n<figure class=\"wp-block-image size-large\"><img decoding=\"async\" width=\"592\" height=\"887\" src=\"https:\/\/www.asbestosclaims.law\/wp-content\/uploads\/2021\/05\/img40-edited.jpg\" alt=\"\" class=\"wp-image-3631\" srcset=\"https:\/\/www.asbestosclaims.law\/wp-content\/uploads\/2021\/05\/img40-edited.jpg 592w, https:\/\/www.asbestosclaims.law\/wp-content\/uploads\/2021\/05\/img40-edited-360x540.jpg 360w, https:\/\/www.asbestosclaims.law\/wp-content\/uploads\/2021\/05\/img40-edited-8x12.jpg 8w\" sizes=\"(max-width: 592px) 100vw, 592px\" \/><\/figure>\n<\/div>\n<\/div>\n\n\n\n<div style=\"background-color:#f2f2f2;padding:15px\"><h4 id=\"h-pleural-damage\">Da\u00f1o pleural<\/h4><p>La pleura es la serie de revestimientos alrededor de los pulmones y la garganta. Las fibras de asbesto pueden provocar varios problemas de salud en la pleura, que incluyen:<\/p><h5 id=\"h-pleural-plaques\">Placas pleurales<\/h5><p><em>Placas pleurales<\/em> son dep\u00f3sitos de fibras que se forman en los revestimientos alrededor de la caja tor\u00e1cica y el diafragma debido a la inflamaci\u00f3n causada por las fibras de amianto. Muchas placas pleurales causadas por el asbesto aparecen s\u00f3lo veinte a\u00f1os o m\u00e1s despu\u00e9s de la inhalaci\u00f3n de fibra de asbesto.<\/p><p>Rara vez hay s\u00edntomas de placas pleurales, y una persona puede tenerlos sin saberlo. Algunos pacientes tienen una sensaci\u00f3n de \"rechinamiento\" cuando respiran.<\/p><h5 id=\"h-pleural-thickening-pleurisy-pleuritis\">Engrosamiento pleural (pleures\u00eda \/ pleuritis)<\/h5><p>La pleures\u00eda (tambi\u00e9n conocida como pleuritis o engrosamiento pleural) es una inflamaci\u00f3n de la pleura, el tejido que separa los pulmones de la pared tor\u00e1cica.<\/p>\n<\/div>\n\n\n\n<div style=\"background-color:#F8F7F6;padding:15px;margin-top:50px\">\n<h5>Derrame pleural<\/h5>\n<p>Un <em>efusi\u00f3n<\/em> es una acumulaci\u00f3n de l\u00edquido en un espacio dentro del cuerpo. <em>Derrame pleural<\/em> ocurre cuando se acumula l\u00edquido entre los pulmones y las costillas. <\/p>\n<\/div>\n\n\n\n<div style=\"background-color:#f2f2f2;margin-top:40px\">\n<div class=\"accordion\" id=\"persian2\">\n<div class=\"reason-item\">\n<div class=\"reason-item-header\" id=\"persianid2\">\n<p class=\"mb-0\">\n<button class=\"btn-reason text-left\" type=\"button\" data-toggle=\"collapse\" data-target=\"#persian2-1\">\nLos s\u00edntomas incluyen:\n<\/button>\n<\/p>\n<\/div>\n<div id=\"persian2-1\" class=\"collapse show\" aria-labelledby=\"persianid2\" data-parent=\"#persian2\">\n<div class=\"card-body\">\n<table class=\"table-social\">\n<tr>\n<td><ul class=\"check-list\"><li>Dolor de pecho en el pecho, especialmente al respirar.<\/li><\/ul><\/td>\n<td><ul class=\"check-list\"><li>Respiraci\u00f3n dificultosa<\/li><\/ul><\/td>\n<td><ul class=\"check-list\"><li>Tos cr\u00f3nica, especialmente tos dolorosa.<\/li><\/ul><\/td>\n<\/tr>\n<\/table>\n<\/div>\n<\/div>\n<\/div>\n<\/div>\n<\/div>\n\n\n\n<div class=\"wp-block-columns row no-gutters is-layout-flex wp-container-core-columns-is-layout-9d6595d7 wp-block-columns-is-layout-flex\">\n<div class=\"wp-block-column col-sm-12 col-md-12 col-lg-12 col-xl-7 is-layout-flow wp-block-column-is-layout-flow\" style=\"flex-basis:66.66%\">\n<p><strong>Pulm\u00f3n colapsado (atelectasia)<\/strong><\/p>\n\n\n\n<p><em>Atelectasia<\/em> es una afecci\u00f3n pulmonar colapsada parcial o completamente que ocurre cuando los peque\u00f1os sacos que forman el pulm\u00f3n (alv\u00e9olos) se desinflan o acumulan l\u00edquido.<\/p>\n\n\n\n<p><strong>Derrame peritoneal (ascitis)<\/strong><\/p>\n\n\n\n<p>Un <em>efusi\u00f3n<\/em> es una acumulaci\u00f3n de l\u00edquido en un espacio dentro del cuerpo. El derrame pleural ocurre cuando el l\u00edquido se acumula en el peritoneo (la membrana que rodea el sistema digestivo).<\/p>\n\n\n\n<div class=\"accordion\" id=\"persian3\">\n<div class=\"reason-item\">\n<div class=\"reason-item-header\" id=\"persian3\">\n<p class=\"mb-0\">\n<button class=\"btn-reason text-left\" type=\"button\" data-toggle=\"collapse\" data-target=\"#persian3-1\">\nLos s\u00edntomas de atelectasia (pulm\u00f3n colapsado) incluyen:\n<\/button>\n<\/p>\n<\/div>\n<div id=\"persian3-1\" class=\"collapse show\" aria-labelledby=\"persian3\" data-parent=\"#persian3\">\n<div class=\"card-body\"><ul class=\"check-list\"><li>Toser<\/li><li>Sibilancias<\/li><li>Dificultad para respirar \/ respiraci\u00f3n superficial<\/li><\/ul><\/div>\n<\/div>\n<\/div>\n<\/div>\n<\/div>\n\n\n\n<div class=\"wp-block-column col-sm-12 col-md-12 col-lg-12 col-xl-5 text-center is-layout-flow wp-block-column-is-layout-flow\" style=\"flex-basis:33.33%\">\n<figure class=\"wp-block-image size-large\"><img decoding=\"async\" width=\"250\" height=\"444\" src=\"https:\/\/www.asbestosclaims.law\/wp-content\/uploads\/2021\/05\/img10-1-edited.jpg\" alt=\"\" class=\"wp-image-3794\" srcset=\"https:\/\/www.asbestosclaims.law\/wp-content\/uploads\/2021\/05\/img10-1-edited.jpg 250w, https:\/\/www.asbestosclaims.law\/wp-content\/uploads\/2021\/05\/img10-1-edited-7x12.jpg 7w\" sizes=\"(max-width: 250px) 100vw, 250px\" \/><\/figure>\n<\/div>\n<\/div>\n\n\n\n<p><strong>Derrame peric\u00e1rdico (pericarditis)<\/strong><\/p>\n\n\n\n<p>Un derrame es una acumulaci\u00f3n de l\u00edquido en un espacio dentro del cuerpo. El derrame pleural ocurre cuando el l\u00edquido se acumula en el pericardio (la membrana que rodea el coraz\u00f3n).<\/p>\n\n\n\n<div class=\"accordion\" id=\"persian4\" style=\"margin:30px 0px\">\n<div class=\"reason-item\">\n<div class=\"reason-item-header\" id=\"persian4\">\n<p class=\"mb-0\">\n<button class=\"btn-reason text-left\" type=\"button\" data-toggle=\"collapse\" data-target=\"#persian4-1\">\nLos s\u00edntomas de la pericarditis incluyen:\n<\/button>\n<\/p>\n<\/div>\n<div id=\"persian4-1\" class=\"collapse show\" aria-labelledby=\"persian4\" data-parent=\"#persian4\">\n<div class=\"card-body\"><table class=\"table-social\"><tr>\n<td><ul class=\"check-list\"><li>Dificultad para respirar \/ respiraci\u00f3n r\u00e1pida<\/li><li>N\u00e1useas y v\u00f3mitos<\/li><li>Dolor en el abdomen superior derecho<\/li><\/ul><\/td>\n<td><ul class=\"check-list\"><li>Aumento de la frecuencia card\u00edaca<\/li><li>Venas del cuello agrandadas<\/li><\/ul><\/td>\n<td><ul class=\"check-list\"><li>Desmayo<\/li><li>Dolor en el pecho<\/li><\/ul><\/td>\n<\/tr><\/table><\/div>\n<\/div>\n<\/div>\n<\/div>\n\n\n\n<p><strong>Enfermedad Pulmonar Obstructiva Cr\u00f3nica (EPOC)<\/strong><\/p>\n\n\n\n<p>La EPOC es un endurecimiento y una obstrucci\u00f3n de los pulmones que dificulta la respiraci\u00f3n. La EPOC a menudo incluye bronquitis y enfisema, y puede provocar presi\u00f3n arterial alta, infecciones respiratorias como neumon\u00eda e incluso un ataque card\u00edaco.<\/p>\n\n\n\n<p><strong>La exposici\u00f3n al asbesto no causa directamente EPOC, pero aumenta el riesgo de desarrollar EPOC.<\/strong> La afecci\u00f3n da\u00f1a los pulmones y aumenta la probabilidad de que una persona desarrolle otra enfermedad relacionada con el asbesto.<\/p>\n\n\n\n<div class=\"accordion\" id=\"persian5\" style=\"margin:30px 0px\">\n<div class=\"reason-item\">\n<div class=\"reason-item-header\" id=\"persian5\">\n<p class=\"mb-0\">\n<button class=\"btn-reason text-left\" type=\"button\" data-toggle=\"collapse\" data-target=\"#persian5-1\">\nLos s\u00edntomas de la EPOC incluyen:\n<\/button>\n<\/p>\n<\/div>\n<div id=\"persian5-1\" class=\"collapse\" aria-labelledby=\"persian5\" data-parent=\"#persian5\">\n<div class=\"card-body\"><table class=\"table-social\">\n<tr><td><ul class=\"check-list\"><li>Dificultad para respirar \/ respiraci\u00f3n r\u00e1pida<\/li><li>N\u00e1useas y v\u00f3mitos<\/li><\/ul><\/td>\n<td><ul class=\"check-list\"><li>Aumento de la frecuencia card\u00edaca<\/li><li>Venas del cuello agrandadas<\/li><\/ul><\/td>\n<td><ul class=\"check-list\"><li>Desmayo<\/li><li>Dolor en el pecho<\/li><\/ul><\/td><\/tr><\/table><\/div>\n<\/div>\n<\/div>\n<\/div>\n\n\n\n<section class=\"boxtextnew\">\n            <div class=\"row pt-5 5 px-xl-0 px-lg-3\" style=\"padding:30px 10px !Important;background-color:#F8F7F6;margin:0px\">\n                <div class=\"col-md-12\">\n                    <table style=\"width:90%;margin:0px auto\">\n                        <tbody><tr>                            \n                            <td style=\"width:90%;text-align:left\"><h4 style=\"margin-top:12px\">Si tiene s\u00edntomas de una enfermedad relacionada con el asbesto, hable con un profesional de la salud.<\/h4><\/td>                            \n                        <\/tr>\n                    <\/tbody><\/table>\n                <\/div>\n            <\/div>\n        <\/section>\n\n\n\n<h2 id=\"h-the-law-offices-of-justinian-c-lane-esq-pllc\">Oficinas Legales de Justiniano C. Lane, Esq. - PLLC<\/h2>\n\n\n\n<p>Millones de trabajadores y sus familias estuvieron expuestos al asbesto porque la industria del asbesto ocultaba los peligros de su producto.<\/p>\n\n\n\n<p>Los tribunales ordenaron que se depositaran miles de millones de d\u00f3lares de seguros en fideicomisos para compensar a las personas con enfermedades relacionadas con el asbesto.<\/p>\n\n\n\n<p>Pero muchas personas con enfermedades relacionadas con el asbesto que estuvieron expuestas al asbesto no saben que califican para una compensaci\u00f3n.<\/p>\n\n\n\n<p>La mayor\u00eda puede recibir dinero sin presentar una demanda.<\/p>\n\n\n\n<h3 class=\"wp-block-heading\" id=\"h-justinian-means-justice\">Justinian significa Justicia<\/h3>\n\n\n\n<h4 class=\"wp-block-heading\" id=\"h-we-have-helped-thousands-of-people-receive-compensation-for-health-issues-that-they-developed-from-asbestos-exposure\">Hemos ayudado a miles de personas a recibir compensaci\u00f3n por problemas de salud que desarrollaron por la exposici\u00f3n al asbesto.<\/h4>\n\n\n\n<p>Si tiene s\u00edntomas de una enfermedad relacionada con el asbesto, hable con un profesional de la salud.<\/p>\n\n\n\n<p>Si cree que pudo haber trabajado con asbesto, podemos verificar su lugar de trabajo o los productos con los que trabaj\u00f3 en nuestra base de datos.<\/p>\n\n\n\n<div class=\"wp-block-columns row no-gutters is-layout-flex wp-container-core-columns-is-layout-9d6595d7 wp-block-columns-is-layout-flex\">\n<div class=\"wp-block-column col-sm-12 col-md-12 col-lg-12 col-xl-5 text-center is-layout-flow wp-block-column-is-layout-flow\" style=\"flex-basis:33.33%\">\n<figure class=\"wp-block-image size-large\"><img decoding=\"async\" width=\"264\" height=\"455\" src=\"https:\/\/www.asbestosclaims.law\/wp-content\/uploads\/2021\/05\/Asbestos-never-leaves-the-body.jpg\" alt=\"\" class=\"wp-image-4177\" srcset=\"https:\/\/www.asbestosclaims.law\/wp-content\/uploads\/2021\/05\/Asbestos-never-leaves-the-body.jpg 264w, https:\/\/www.asbestosclaims.law\/wp-content\/uploads\/2021\/05\/Asbestos-never-leaves-the-body-7x12.jpg 7w\" sizes=\"(max-width: 264px) 100vw, 264px\" \/><\/figure>\n<\/div>\n\n\n\n<div class=\"wp-block-column col-sm-12 col-md-12 col-lg-12 col-xl-7 is-layout-flow wp-block-column-is-layout-flow\" style=\"flex-basis:66.66%\">\n<h4 class=\"wp-block-heading\" id=\"h-asbestos-never-leaves-the-body\">El asbesto nunca sale del cuerpo.<\/h4>\n\n\n\n<p>El asbesto puede causar estos problemas de salud incluso si su exposici\u00f3n al asbesto tuvo lugar hace cuarenta o cincuenta a\u00f1os. Los s\u00edntomas pueden tardar d\u00e9cadas en aparecer.<\/p>\n\n\n\n<p><strong>Solicitar una compensaci\u00f3n al fondo fiduciario de asbesto no es meterse en una pelea.<\/strong><\/p>\n\n\n\n<p><strong>Este dinero se reserv\u00f3 en una cuenta fiduciaria para los heridos.<\/strong><\/p>\n\n\n\n<p>Solicitar un pago de estos fideicomisos no afecta a ninguna empresa ni sale del bolsillo de nadie. Este es dinero del seguro espec\u00edficamente para ayudar a las personas lesionadas por el asbesto.<\/p>\n<\/div>\n<\/div>\n\n\n\n<section class=\"boxtextnew\">\n            <div class=\"row pt-5 5 px-xl-0 px-lg-3\" style=\"padding:30px 10px !Important;background-color:#F8F7F6;margin:0px\">\n                <div class=\"col-md-12\">\n                    <table style=\"width:90%;margin:0px auto\">\n                        <tbody><tr>                            \n                            <td style=\"width:90%;text-align:left\"><h4 style=\"margin-top:12px\">El tribunal orden\u00f3 los fondos porque la industria del asbesto ya no pudo ocultar su secreto: el asbesto es muy peligroso para respirar.<\/h4><\/td>                            \n                        <\/tr>\n                    <\/tbody><\/table>\n                <\/div>\n            <\/div>\n        <\/section>\n\n\n\n<h2 class=\"wp-block-heading\" id=\"h-justinian-c-lane-esq\">Justinian C. Lane, Esq.<\/h2>\n\n\n\n<p>Mi abuelo, mi abuela y mi padre estuvieron expuestos al asbesto en su trabajo y los tres murieron de c\u00e1nceres relacionados con las v\u00edas respiratorias.<\/p>\n\n\n\n<p><strong>Me enter\u00e9 demasiado tarde de los efectos del asbesto en la salud como para ayudarlos.<\/strong><\/p>\n\n\n\n<p><strong>Pero mi empresa ha ayudado a muchas otras personas a recibir una compensaci\u00f3n por los problemas de salud que desarrollaron por la exposici\u00f3n al asbesto.<\/strong><\/p>\n\n\n\n<p>Ll\u00e1menos, env\u00edenos un mensaje de texto o env\u00edenos un correo electr\u00f3nico para una consulta completamente gratuita y sin compromiso. Escuchar\u00e9 los detalles de tu historia y explicar\u00e9 tus opciones. Trabajamos en caso de contingencia, lo que significa que solo nos pagan si usted lo hace.<\/p>\n\n\n\n<p>Every case is different, but the Law Offices of Justinian C. Lane, Esq. &#8211; PLLC has obtained <a href=\"https:\/\/www.asbestosclaims.law\/es\/about-us\/\">grandes asentamientos<\/a> for thousands of people harmed by asbestos. This compensation has helped ease our clients&#8217; financial burdens, and offers a legacy to leave for their loved ones.<\/p>\n\n\n\n<section class=\"boxtextnew\">\n            <div class=\"row pt-5 5 px-xl-0 px-lg-3\" style=\"padding:30px 10px !Important;background-color:#F8F7F6;margin:0px\">\n                <div class=\"col-md-12\">\n                    <table style=\"width:90%;margin:0px auto\">\n                        <tbody><tr>                            \n                            <td style=\"width:90%;text-align:left\"><p style=\"margin-top:12px\">En AsbestosClaims.Law, hemos ayudado a miles de personas que estuvieron expuestas al asbesto en su trabajo, autom\u00f3vil o en casa.<\/p><h5 style=\"margin-top:12px;text-align:right\">\u00bfPodemos ayudarte?<\/h5><\/td>                            \n                        <\/tr>\n                    <\/tbody><\/table>\n                <\/div>\n            <\/div>\n<\/section>\n\n\n\n<p style=\"font-size: 0.7rem\">1 <a href=\"http:\/\/neuron.mefst.hr\/docs\/CMJ\/issues\/2003\/44\/5\/14515425.pdf\" target=\"_blank\" rel=\"noopener noreferrer\">Enfermedad pleural y pulmonar maligna y no maligna relacionada con el amianto: estudio de seguimiento de 10 a\u00f1os.<\/a> Vujovi\u00e6, M., Vukovi\u00e6, J. and Beg-Zec, Z.,Public Health (2003).<br>2 Mayo Clinic, <a href=\"https:\/\/www.mayoclinic.org\/diseases-conditions\/asbestosis\/symptoms-causes\/syc-20354637\" target=\"_blank\" rel=\"noopener noreferrer\">Patient Care &amp; Health Information.<\/a> (\"Mayo Clinic es una organizaci\u00f3n sin fines de lucro comprometida con la pr\u00e1ctica cl\u00ednica, la educaci\u00f3n y la investigaci\u00f3n, que brinda atenci\u00f3n integral y experta a todas las personas que necesitan curaci\u00f3n\").<br>3 Agencia para el Registro de Sustancias T\u00f3xicas y Enfermedades, <a href=\"https:\/\/www.atsdr.cdc.gov\/ToxProfiles\/tp61-c1-b.pdf\" target=\"_blank\" rel=\"noopener noreferrer\">PUBLIC HEALTH STATEMENT ASBESTOS<\/a> (CAS#: 1332-21-4).<br>4 Instituto Nacional del C\u00e1ncer (NIH), <a href=\"https:\/\/www.cancer.gov\/about-cancer\/causes-prevention\/risk\/substances\/asbestos\/asbestos-fact-sheet\" target=\"_blank\" rel=\"noopener noreferrer\">Hoja informativa sobre asbesto.<\/a><\/p>"},"excerpt":{"rendered":"<p>Non-malignant Asbestos Illnesses Can Take Four or Five Decades to Appear. Asbestos is a mineral that was used in all kinds of industrial and residential buildings, vehicles, machinery and products. Asbestos is fibrous and dusty, and easily inhaled or swallowed from the air. Inhaling or swallowing asbestos fibers can cause a wide range of health [&#8230;]<\/p>\n<p><a class=\"btn btn-secondary understrap-read-more-link\" href=\"https:\/\/www.asbestosclaims.law\/es\/asbesto-sintomas-y-tratamiento\/lesiones-por-asbesto\/lesiones-no-malignas\/\">Leer m\u00e1s&#8230;<\/a><\/p>","protected":false},"author":1,"featured_media":0,"parent":3557,"menu_order":75,"comment_status":"closed","ping_status":"closed","template":"page-templates\/page-sidebar-template.php","meta":{"_acf_changed":false,"ub_ctt_via":"","footnotes":""},"class_list":["post-3697","page","type-page","status-publish","hentry"],"acf":[],"featured_image_src":null,"_links":{"self":[{"href":"https:\/\/www.asbestosclaims.law\/es\/wp-json\/wp\/v2\/pages\/3697","targetHints":{"allow":["GET"]}}],"collection":[{"href":"https:\/\/www.asbestosclaims.law\/es\/wp-json\/wp\/v2\/pages"}],"about":[{"href":"https:\/\/www.asbestosclaims.law\/es\/wp-json\/wp\/v2\/types\/page"}],"author":[{"embeddable":true,"href":"https:\/\/www.asbestosclaims.law\/es\/wp-json\/wp\/v2\/users\/1"}],"replies":[{"embeddable":true,"href":"https:\/\/www.asbestosclaims.law\/es\/wp-json\/wp\/v2\/comments?post=3697"}],"version-history":[{"count":1,"href":"https:\/\/www.asbestosclaims.law\/es\/wp-json\/wp\/v2\/pages\/3697\/revisions"}],"predecessor-version":[{"id":13073,"href":"https:\/\/www.asbestosclaims.law\/es\/wp-json\/wp\/v2\/pages\/3697\/revisions\/13073"}],"up":[{"embeddable":true,"href":"https:\/\/www.asbestosclaims.law\/es\/wp-json\/wp\/v2\/pages\/3557"}],"wp:attachment":[{"href":"https:\/\/www.asbestosclaims.law\/es\/wp-json\/wp\/v2\/media?parent=3697"}],"curies":[{"name":"wp","href":"https:\/\/api.w.org\/{rel}","templated":true}]}}