{"id":3589,"date":"2021-05-12T00:03:36","date_gmt":"2021-05-12T00:03:36","guid":{"rendered":"https:\/\/www.asbestosclaims.law\/?page_id=3589"},"modified":"2024-08-13T17:35:30","modified_gmt":"2024-08-13T23:35:30","slug":"household-exposure-to-asbestos","status":"publish","type":"page","link":"https:\/\/www.asbestosclaims.law\/es\/fuentes-de-exposicion\/exposicion-del-hogar\/","title":{"rendered":"Exposici\u00f3n del hogar al asbesto"},"content":{"rendered":"<a id=\"video-body\"><\/a>\n\n\n\n<figure class=\"wp-block-embed is-type-video is-provider-youtube wp-block-embed-youtube video-embed-body wp-embed-aspect-16-9 wp-has-aspect-ratio\"><div class=\"wp-block-embed__wrapper\">\n<iframe title=\"Second Hand Exposure to Asbestos; Successful claims of secondary exposure to asbestos\" width=\"640\" height=\"360\" src=\"https:\/\/www.youtube.com\/embed\/1dvZNVU4-Go?feature=oembed\" frameborder=\"0\" allow=\"accelerometer; autoplay; clipboard-write; encrypted-media; gyroscope; picture-in-picture; web-share\" referrerpolicy=\"strict-origin-when-cross-origin\" allowfullscreen><\/iframe>\n<\/div><\/figure>\n\n\n\n<h2 class=\"wp-block-heading\" id=\"h-household-exposure-to-asbestos\">Exposici\u00f3n del hogar al asbesto<\/h2>\n\n\n\n<p>Si comparti\u00f3 un hogar u otro espacio con alguien que estuvo expuesto regularmente al asbesto en el trabajo, es posible que tambi\u00e9n haya estado expuesto al asbesto.<\/p>\n\n\n\n<p><strong>Las fibras de asbesto son peque\u00f1as, duraderas y pueden adherirse a la ropa y las herramientas de trabajo.<\/strong><\/p>\n\n\n\n<p>Hoy en d\u00eda, las personas que limpian asbesto deben usar m\u00e1scaras y ropa protectoras especiales para evitar que inhalen o traguen fibras de asbesto nocivas.<\/p>\n\n\n\n<p><strong>Pero durante d\u00e9cadas, la industria del asbesto ocult\u00f3 los peligros de su producto. Muchas personas inhalaron asbesto con regularidad sin saber que podr\u00eda causar problemas de salud en el futuro.<\/strong><\/p>\n\n\n\n<h3 class=\"wp-block-heading\" id=\"h-many-people-do-not-know-they-were-exposed-to-asbestos-in-the-home\">Muchas personas no saben que estuvieron expuestas al asbesto en el hogar.<\/h3>\n\n\n\n<h4 class=\"wp-block-heading\" id=\"h-asbestos-was-widely-used-in-industry-buildings-and-products-for-its-durability\">El asbestos fue ampliamente utilizado en la industria, edificios y productos por su durabilidad.<\/h4>\n\n\n\n<p>El asbestos es resistente al calor, la electricidad y la corrosi\u00f3n. Las fibras de asbesto no se evaporan ni se disuelven.<\/p>\n\n\n\n<p>Pero el asbesto puede romperse f\u00e1cilmente en fibras o polvo y tejerse, rociarse o mezclarse con otros materiales de construcci\u00f3n para fortalecerlos e ignifugarlos.<\/p>\n\n\n\n<p><strong>Muchos lugares de trabajo exponen regularmente a los trabajadores a la inhalaci\u00f3n de asbesto, incluidos muchos empleados cuyos trabajos no implican directamente asbesto.<\/strong><\/p>\n\n\n\n<div class=\"wp-block-columns row no-gutters is-layout-flex wp-container-core-columns-is-layout-9d6595d7 wp-block-columns-is-layout-flex\">\n<div class=\"wp-block-column col-sm-12 col-md-12 col-lg-12 col-xl-7 is-layout-flow wp-block-column-is-layout-flow\" style=\"flex-basis:66.66%\">\n<h4 class=\"wp-block-heading\" id=\"h-people-who-shared-a-household-with-workers-exposed-to-asbestos-are-also-at-risk\">Las personas que compart\u00edan un hogar con trabajadores expuestos al asbesto tambi\u00e9n corren riesgo.<\/h4>\n\n\n\n<ul class=\"check-list wp-block-list\">\n<li><strong>El asbesto es un mineral muy polvoriento que se adhiere a la ropa y otras superficies.<\/strong><\/li>\n\n\n\n<li><strong>Las fibras de asbesto pueden ser microsc\u00f3picas, dif\u00edciles de encontrar y dif\u00edciles de eliminar.<\/strong><\/li>\n\n\n\n<li><strong>El asbesto no tiene olor ni sabor. Las fibras de asbesto se inhalan y tragan f\u00e1cilmente.<\/strong><\/li>\n<\/ul>\n<\/div>\n\n\n\n<div class=\"wp-block-column col-sm-12 col-md-12 col-lg-12 col-xl-5 text-center is-layout-flow wp-block-column-is-layout-flow\" style=\"flex-basis:33.33%\">\n<figure class=\"wp-block-image size-large\"><img decoding=\"async\" width=\"263\" height=\"280\" src=\"https:\/\/www.asbestosclaims.law\/wp-content\/uploads\/2021\/07\/People-who-shared-a-household-with-workers-exposed-to-asbestos-are-also-at-risk.jpg\" alt=\"\" class=\"wp-image-5494\" srcset=\"https:\/\/www.asbestosclaims.law\/wp-content\/uploads\/2021\/07\/People-who-shared-a-household-with-workers-exposed-to-asbestos-are-also-at-risk.jpg 263w, https:\/\/www.asbestosclaims.law\/wp-content\/uploads\/2021\/07\/People-who-shared-a-household-with-workers-exposed-to-asbestos-are-also-at-risk-11x12.jpg 11w\" sizes=\"(max-width: 263px) 100vw, 263px\" \/><\/figure>\n<\/div>\n<\/div>\n\n\n\n<p><strong>Muchos trabajadores llevaron a casa asbesto en su ropa de trabajo.<\/strong><\/p>\n\n\n\n<p>Muchas personas con <a href=\"https:\/\/www.asbestosclaims.law\/es\/asbesto-sintomas-y-tratamiento\/lesiones-por-asbesto\/\">enfermedades relacionadas con el asbesto<\/a> estuvieron expuestas al limpiar regularmente los uniformes, la ropa de trabajo, las bolsas y las herramientas de sus c\u00f3nyuges cubiertos de asbesto.<\/p>\n\n\n\n<p><strong>Muchas \u00e1reas de lavander\u00eda en casas antiguas se encontraban a menudo en espacios peque\u00f1os.<\/strong><\/p>\n\n\n\n<p>Las fibras de asbesto son diminutas y se inhalan f\u00e1cilmente. Cualquiera que est\u00e9 quitando el polvo o tocando la ropa con asbesto puede haber inhalado o tragado fibras microsc\u00f3picas da\u00f1inas.<\/p>\n\n\n\n<p>E incluso despu\u00e9s de la limpieza, el polvo de asbesto puede adherirse a paredes y pisos. El residuo puede exponer a otras personas que pasan tiempo en esas \u00e1reas.<\/p>\n\n\n\n<div class=\"wp-block-columns row no-gutters is-layout-flex wp-container-core-columns-is-layout-9d6595d7 wp-block-columns-is-layout-flex\">\n<div class=\"wp-block-column col-sm-12 col-md-12 col-lg-12 col-xl-5 text-center is-layout-flow wp-block-column-is-layout-flow\" style=\"flex-basis:33.33%\">\n<figure class=\"wp-block-image size-large\"><img decoding=\"async\" width=\"277\" height=\"390\" src=\"https:\/\/www.asbestosclaims.law\/wp-content\/uploads\/2021\/07\/Vehicles-may-have-exposed-motorists-and-passengers-to-asbestos-too..jpg\" alt=\"\" class=\"wp-image-5495\" srcset=\"https:\/\/www.asbestosclaims.law\/wp-content\/uploads\/2021\/07\/Vehicles-may-have-exposed-motorists-and-passengers-to-asbestos-too..jpg 277w, https:\/\/www.asbestosclaims.law\/wp-content\/uploads\/2021\/07\/Vehicles-may-have-exposed-motorists-and-passengers-to-asbestos-too.-9x12.jpg 9w\" sizes=\"(max-width: 277px) 100vw, 277px\" \/><\/figure>\n<\/div>\n\n\n\n<div class=\"wp-block-column col-sm-12 col-md-12 col-lg-12 col-xl-7 is-layout-flow wp-block-column-is-layout-flow\" style=\"flex-basis:66.66%\">\n<h5 class=\"wp-block-heading\" id=\"h-vehicles-may-have-exposed-motorists-and-passengers-to-asbestos-too\">Los veh\u00edculos tambi\u00e9n pueden haber expuesto a conductores y pasajeros al asbesto.<\/h5>\n\n\n\n<p><strong>El asbestos se utiliz\u00f3 en muchas piezas de autom\u00f3viles, como frenos y juntas.<\/strong><\/p>\n\n\n\n<p>Trabajar en un veh\u00edculo m\u00e1s viejo en un garaje puede haber expuesto al mec\u00e1nico y a otras personas en el garaje a fibras de asbesto.<\/p>\n\n\n\n<p><strong>El asbesto es duradero y una persona que conduce con ropa de trabajo o herramientas puede haber contaminado el interior de su veh\u00edculo con polvo de asbesto.<\/strong><\/p>\n\n\n\n<p>Los c\u00f3nyuges, hijos y otros pasajeros que viajaban regularmente en esos veh\u00edculos pueden haber estado respirando asbesto da\u00f1ino.<\/p>\n<\/div>\n<\/div>\n\n\n\n<section class=\"boxtextnew\">\n            <div class=\"row pt-5 5 px-xl-0 px-lg-3\" style=\"padding:30px 10px !Important;background-color:#F8F7F6;margin:0px\">\n                <div class=\"col-md-12\">\n                    <table style=\"width:90%;margin:0px auto\">\n                        <tbody><tr>                            \n                            <td style=\"width:90%;text-align:left\"><h4 style=\"margin-top:12px\">Cualquiera que comparta un hogar con un trabajador de asbesto puede querer hablar con un profesional m\u00e9dico sobre la detecci\u00f3n temprana de <a href=\"https:\/\/www.asbestosclaims.law\/es\/asbestos-injuries\/\">enfermedades relacionadas con el asbesto.<\/a><\/h4><\/td>                            \n                        <\/tr>\n                    <\/tbody><\/table>\n                <\/div>\n            <\/div>\n        <\/section>\n\n\n\n<h3 class=\"wp-block-heading\" id=\"h-workers-often-brought-asbestos-from-their-job-site-into-the-home\">Los trabajadores a menudo llevaban asbesto desde el lugar de trabajo al hogar.<\/h3>\n\n\n\n<p>Durante d\u00e9cadas, el asbesto se utiliz\u00f3 en la mayor\u00eda de las industrias debido a su durabilidad y propiedades resistentes.<\/p>\n\n\n\n<p>Muchas personas que no trabajaron directamente con asbesto estuvieron expuestas en los edificios u otros sitios donde trabajaron.<\/p>\n\n\n\n<p><strong>Se encontr\u00f3 exposici\u00f3n al asbesto en:<\/strong><\/p>\n\n\n\n<div class=\"wp-block-columns row no-gutters is-layout-flex wp-container-core-columns-is-layout-9d6595d7 wp-block-columns-is-layout-flex\">\n<div class=\"wp-block-column col-sm-12 col-md-12 col-lg-12 col-xl-7 is-layout-flow wp-block-column-is-layout-flow\" style=\"flex-basis:66.66%\">\n<h4 class=\"wp-block-heading\" id=\"h-construction\">Construcci\u00f3n<\/h4>\n\n\n\n<div class=\"accordion\" id=\"persian\">\n<div class=\"reason-item\">\n<div class=\"reason-item-header\" id=\"persian1\">\n<p class=\"mb-0\">\n<button class=\"btn-reason text-left\" type=\"button\" data-toggle=\"collapse\" data-target=\"#persian-1\" aria-expanded=\"true\">\nLa mayor parte del asbesto se utiliz\u00f3 en materiales de construcci\u00f3n en todos los edificios.\n<\/button>\n<\/p>\n<\/div>\n<div id=\"persian-1\" class=\"collapse show\" aria-labelledby=\"persian1\" data-parent=\"#persian\">\n<div class=\"card-body\"><p>Muchas personas involucradas en la construcci\u00f3n y demolici\u00f3n tambi\u00e9n estuvieron expuestas a productos de asbesto.<\/p><\/div>\n<\/div>\n<\/div>\n<div class=\"reason-item\">\n<div class=\"reason-item-header\" id=\"persian2\">\n<p class=\"mb-0\">\n<button class=\"btn-reason text-left\" type=\"button\" data-toggle=\"collapse\" data-target=\"#persian-2\" aria-expanded=\"false\">\nIncluso la eliminaci\u00f3n de asbesto a menudo libera fibras de asbesto da\u00f1inas al aire. \n<\/button>\n<\/p>\n<\/div>\n<div id=\"persian-2\" class=\"collapse\" aria-labelledby=\"persian2\" data-parent=\"#persian\">\n<div class=\"card-body\"><p>\nEste dinero fue colocado espec\u00edficamente en un fondo por los tribunales para ser entregado a personas con enfermedades relacionadas con el asbesto.<\/p>\n<\/div>\n<\/div>\n<\/div>\n<div class=\"reason-item\">\n<div class=\"reason-item-header\" id=\"persian3\">\n<p class=\"mb-0\">\n<button class=\"btn-reason text-left\" type=\"button\" data-toggle=\"collapse\" data-target=\"#persian-3\" aria-expanded=\"false\">\nPor esta raz\u00f3n, los trabajadores siempre deben usar ropa protectora adecuada antes de intentar eliminar el asbesto. \n<\/button>\n<\/p>\n<\/div>\n<div id=\"persian-3\" class=\"collapse\" aria-labelledby=\"persian3\" data-parent=\"#persian\">\n<div class=\"card-body\"><p>Y si sabe que tiene asbestosis, placa pleural, mesotelioma o c\u00e1ncer de pulm\u00f3n, garganta o colon, su condici\u00f3n puede haber sido causada o agravada por su exposici\u00f3n al asbesto, <strong>incluso si fue hace cuarenta o cincuenta a\u00f1os.<\/strong><\/p>\n<\/div>\n<\/div>\n<\/div>\n<\/div>\n<\/div>\n\n\n\n<div class=\"wp-block-column col-sm-12 col-md-12 col-lg-12 col-xl-5 text-center is-layout-flow wp-block-column-is-layout-flow\" style=\"flex-basis:33.33%\">\n<figure class=\"wp-block-image size-large\"><img decoding=\"async\" width=\"332\" height=\"574\" src=\"https:\/\/www.asbestosclaims.law\/wp-content\/uploads\/2021\/05\/img13-1.jpg\" alt=\"\" class=\"wp-image-3594\" srcset=\"https:\/\/www.asbestosclaims.law\/wp-content\/uploads\/2021\/05\/img13-1.jpg 332w, https:\/\/www.asbestosclaims.law\/wp-content\/uploads\/2021\/05\/img13-1-312x540.jpg 312w, https:\/\/www.asbestosclaims.law\/wp-content\/uploads\/2021\/05\/img13-1-7x12.jpg 7w\" sizes=\"(max-width: 332px) 100vw, 332px\" \/><\/figure>\n<\/div>\n<\/div>\n\n\n\n<h4 class=\"wp-block-heading\" id=\"h-factories\">F\u00e1bricas<\/h4>\n\n\n\n<p>El asbesto se utiliz\u00f3 para fortalecer, aislar e ignifugar f\u00e1bricas de todo tipo. Los trabajadores cuyas tareas eran con o cerca de altas temperaturas o fricci\u00f3n a menudo estaban expuestos al asbesto. Muchos tambi\u00e9n pueden haber hecho o trabajado con <a href=\"https:\/\/www.asbestosclaims.law\/es\/sources-of-exposure\/asbestos-products\/\">productos que contienen asbesto.<\/a><\/p>\n\n\n\n<div class=\"wp-block-columns row no-gutters is-layout-flex wp-container-core-columns-is-layout-9d6595d7 wp-block-columns-is-layout-flex\">\n<div class=\"wp-block-column col-sm-12 col-md-12 col-lg-12 col-xl-5 text-center is-layout-flow wp-block-column-is-layout-flow\" style=\"flex-basis:33.33%\">\n<figure class=\"wp-block-image size-large\"><img decoding=\"async\" width=\"277\" height=\"580\" src=\"https:\/\/www.asbestosclaims.law\/wp-content\/uploads\/2021\/07\/Factories.jpg\" alt=\"\" class=\"wp-image-5496\" srcset=\"https:\/\/www.asbestosclaims.law\/wp-content\/uploads\/2021\/07\/Factories.jpg 277w, https:\/\/www.asbestosclaims.law\/wp-content\/uploads\/2021\/07\/Factories-258x540.jpg 258w, https:\/\/www.asbestosclaims.law\/wp-content\/uploads\/2021\/07\/Factories-6x12.jpg 6w\" sizes=\"(max-width: 277px) 100vw, 277px\" \/><\/figure>\n<\/div>\n\n\n\n<div class=\"wp-block-column col-sm-12 col-md-12 col-lg-12 col-xl-7 is-layout-flow wp-block-column-is-layout-flow\" style=\"flex-basis:66.66%\">\n<p>Esto incluye a los trabajadores dedicados a:<\/p>\n\n\n\n<ul class=\"check-list wp-block-list\">\n<li><strong>F\u00e1bricas<\/strong><br>El asbesto se utiliz\u00f3 para fortalecer, aislar e ignifugar edificios de fabricaci\u00f3n de todo tipo. Los trabajadores cuyas tareas eran con o cerca de altas temperaturas o fricci\u00f3n a menudo estaban expuestos al asbesto. Muchos tambi\u00e9n pueden haber hecho o trabajado con <a href=\"https:\/\/www.asbestosclaims.law\/es\/sources-of-exposure\/asbestos-products\/\">productos que contienen asbesto.<\/a><\/li>\n\n\n\n<li><strong>Fundiciones<\/strong><br>El asbesto se utiliz\u00f3 en las fundiciones para aislar el intenso calor generado.<\/li>\n\n\n\n<li><strong>Refiner\u00edas<\/strong><br>El asbesto es resistente a la corrosi\u00f3n y, a menudo, estaba contenido en edificios y maquinaria utilizados para refinar productos qu\u00edmicos.<\/li>\n\n\n\n<li><strong>Astilleros<\/strong><br>Se utiliz\u00f3 asbesto en todos los barcos para protegerlos contra incendios y aislarlos. Los marineros y los trabajadores en alta mar que pasaban tiempo en los barcos o cerca de ellos a menudo estaban expuestos al asbesto.<\/li>\n<\/ul>\n<\/div>\n<\/div>\n\n\n\n<h4 class=\"wp-block-heading\" id=\"h-vehicles\">Veh\u00edculos<\/h4>\n\n\n\n<p>El asbesto se utiliz\u00f3 en todo tipo de veh\u00edculos, incluidos:<\/p>\n\n\n\n<div class=\"wp-block-columns is-layout-flex wp-container-core-columns-is-layout-9d6595d7 wp-block-columns-is-layout-flex\">\n<div class=\"wp-block-column is-layout-flow wp-block-column-is-layout-flow\">\n<ul class=\"check-list row m-1\">\n\t<li class=\"col-xl-4 col-lg-4 col-md-4 col-sm-6\">Carros<\/li>\n\t<li class=\"col-xl-4 col-lg-4 col-md-4 col-sm-6\">Camiones<\/li>\n\t<li class=\"col-xl-4 col-lg-4 col-md-4 col-sm-6\">Tren<\/li>\n\t<li class=\"col-xl-4 col-lg-4 col-md-4 col-sm-6\">Motocicleta<\/li>\n\t<li class=\"col-xl-4 col-lg-4 col-md-4 col-sm-6\">Autobuses<\/li>\n\t<li class=\"col-xl-4 col-lg-4 col-md-4 col-sm-6\">Militar<\/li>\n<\/ul>\n<\/div>\n<\/div>\n\n\n\n<p>El asbesto se utiliz\u00f3 en la fabricaci\u00f3n de muchas piezas de autom\u00f3viles, especialmente las que estaban expuestas al calor. Esto incluye embragues, frenos, empaquetaduras, aislamiento, revestimientos de cap\u00f3 y piezas de carrocer\u00eda.<\/p>\n\n\n\n<p>Debido a que el asbesto se us\u00f3 en los frenos y las pastillas de freno, el calor y la presi\u00f3n de los frenos de los autom\u00f3viles pueden liberar polvo de asbesto da\u00f1ino en el aire. Las personas que trabajan en autom\u00f3viles o est\u00e1n expuestas regularmente a los gases de escape de los autom\u00f3viles pueden haber inhalado polvo de asbesto.<\/p>\n\n\n\n<div class=\"wp-block-columns row no-gutters is-layout-flex wp-container-core-columns-is-layout-9d6595d7 wp-block-columns-is-layout-flex\">\n<div class=\"wp-block-column col-sm-12 col-md-12 col-lg-12 col-xl-7 is-layout-flow wp-block-column-is-layout-flow\">\n<p>Los trabajadores corren el riesgo de exponerse al asbesto si fueron empleados en:<\/p>\n\n\n\n<ul class=\"check-list wp-block-list\">\n<li>Ensamblaje de veh\u00edculos<\/li>\n\n\n\n<li>Reparaci\u00f3n de veh\u00edculos<\/li>\n\n\n\n<li>Paradas de camiones<\/li>\n\n\n\n<li>Transporte<\/li>\n\n\n\n<li>Suministro automotriz<\/li>\n\n\n\n<li>Cabina de peaje \/ Drive-Thru<\/li>\n<\/ul>\n<\/div>\n\n\n\n<div class=\"wp-block-column col-sm-12 col-md-12 col-lg-12 col-xl-4 text-center is-layout-flow wp-block-column-is-layout-flow\">\n<figure class=\"wp-block-image size-large\"><img decoding=\"async\" width=\"277\" height=\"325\" src=\"https:\/\/www.asbestosclaims.law\/wp-content\/uploads\/2021\/07\/Worker-are-at-risk-of-exposure-to-asbestos-if-they-were-employed-in.jpg\" alt=\"\" class=\"wp-image-5497\" srcset=\"https:\/\/www.asbestosclaims.law\/wp-content\/uploads\/2021\/07\/Worker-are-at-risk-of-exposure-to-asbestos-if-they-were-employed-in.jpg 277w, https:\/\/www.asbestosclaims.law\/wp-content\/uploads\/2021\/07\/Worker-are-at-risk-of-exposure-to-asbestos-if-they-were-employed-in-10x12.jpg 10w\" sizes=\"(max-width: 277px) 100vw, 277px\" \/><\/figure>\n<\/div>\n<\/div>\n\n\n\n<h4 class=\"wp-block-heading\" id=\"h-asbestos-products\">Productos de Asbestos<\/h4>\n\n\n\n<p>Con asbestos se fabricaron miles de productos industriales y dom\u00e9sticos.<\/p>\n\n\n\n<p>El asbesto se mezcl\u00f3 con materiales de construcci\u00f3n debido a sus fuertes propiedades de resistencia:<\/p>\n\n\n\n<div class=\"wp-block-columns is-layout-flex wp-container-core-columns-is-layout-9d6595d7 wp-block-columns-is-layout-flex\">\n<div class=\"wp-block-column is-layout-flow wp-block-column-is-layout-flow\">\n<ul class=\"check-list row m-1\"><li class=\"col-xl-3 col-lg-3 col-md-3 col-sm-6\">Yeso<\/li><li class=\"col-xl-3 col-lg-3 col-md-3 col-sm-6\">Vinilo<\/li><li class=\"col-xl-3 col-lg-3 col-md-3 col-sm-6\">Aislamiento<\/li><li class=\"col-xl-3 col-lg-3 col-md-3 col-sm-6\">Paneles de yeso<\/li><li class=\"col-xl-3 col-lg-3 col-md-3 col-sm-6\">Teja<\/li><li class=\"col-xl-3 col-lg-3 col-md-3 col-sm-6\">Selladores<\/li><li class=\"col-xl-3 col-lg-3 col-md-3 col-sm-6\">Cemento<\/li><li class=\"col-xl-3 col-lg-3 col-md-3 col-sm-6\">Pintura<\/li><li class=\"col-xl-3 col-lg-3 col-md-3 col-sm-6\">Conductos<\/li><li class=\"col-xl-3 col-lg-3 col-md-3 col-sm-6\">Tuber\u00eda<\/li><li class=\"col-xl-3 col-lg-3 col-md-3 col-sm-6\">Herpes<\/li><li class=\"col-xl-3 col-lg-3 col-md-3 col-sm-6\">Paneles<\/li><\/ul>\n<\/div>\n<\/div>\n\n\n\n<p>Adem\u00e1s, los bienes de consumo como tablas de planchar y textiles se fabricaban con asbestos.<\/p>\n\n\n\n<p>Los secadores de cabello hechos con asbesto pueden soplar fibras en la cara de alguien y presentar un riesgo de c\u00e1ncer.<sup>2<\/sup><\/p>\n\n\n\n<p><a href=\"https:\/\/www.asbestosclaims.law\/es\/sources-of-exposure\/asbestos-products\/\">Obtenga m\u00e1s informaci\u00f3n sobre la exposici\u00f3n al asbesto de productos que contienen asbesto.<\/a><\/p>\n\n\n\n<h2 class=\"wp-block-heading\" id=\"h-financial-compensation-for-people-injured-by-asbestos-exposure\">Compensaci\u00f3n financiera para personas lesionadas por Exposici\u00f3n al Asbesto<\/h2>\n\n\n\n<p>Millones de trabajadores y sus familias estuvieron expuestos al asbesto porque la industria del asbesto ocultaba los peligros de su producto.<\/p>\n\n\n\n<p><strong>Los tribunales ordenaron que se depositaran miles de millones de d\u00f3lares de seguros en fideicomisos para compensar a las personas con enfermedades relacionadas con el asbesto.<\/strong><\/p>\n\n\n\n<section class=\"boxtextnew\">\n            <div class=\"row pt-5 5 px-xl-0 px-lg-3\" style=\"padding:30px 10px !Important;background-color:#F8F7F6;margin:0px\">\n                <div class=\"col-md-12\">\n                    <table style=\"width:90%;margin:0px auto\">\n                        <tbody><tr>                            \n                            <td style=\"width:90%;text-align:left\"><h4 style=\"margin-top:12px;font-style:italic\">Pero casi el 40% de los fondos a\u00fan no han sido reclamados por las personas a las que est\u00e1n destinados a ayudar.<\/h4><\/td>                            \n                        <\/tr>\n                    <\/tbody><\/table>\n                <\/div>\n            <\/div>\n        <\/section>\n\n\n\n<h2 class=\"wp-block-heading\" id=\"h-justinian-c-lane-esq\">Justinian C. Lane, Esq.<\/h2>\n\n\n\n<p>Mi abuelo estuvo expuesto al asbesto a bordo de los barcos de la Armada de la Segunda Guerra Mundial y, m\u00e1s tarde, como mec\u00e1nico. Mi abuela estuvo expuesta lavando su ropa de trabajo y en su trabajo de soldadura en una l\u00ednea de montaje de una f\u00e1brica de productos electr\u00f3nicos. Ambos murieron de c\u00e1ncer de pulm\u00f3n.<\/p>\n\n\n\n<p>En los a\u00f1os antes de tenerme, mi padre trabajaba en una fundici\u00f3n de titanio, en una \u00e9poca en la que el asbesto todav\u00eda se usaba mucho para aislar del calor.<\/p>\n\n\n\n<p>Nunca tuve la oportunidad de ver si alguno de ellos estaba expuesto, pero mi padre, mi abuelo y mi abuela murieron de c\u00e1nceres que pueden estar asociados con el asbetos.<\/p>\n\n\n\n<p><strong>No espere para averiguar si estuvo expuesto al asbesto. Puede estar en riesgo de tener problemas de salud y tener la oportunidad de obtener un tratamiento temprano.<\/strong><\/p>\n\n\n\n<p>Y si ya est\u00e1 experimentando s\u00edntomas de una enfermedad relacionada con el asbesto, averig\u00fce si puede ser elegible para una compensaci\u00f3n que pueda ayudar a reducir su tensi\u00f3n financiera y brindar apoyo y un legado para su familia.<\/p>\n\n\n\n<p><strong>El asbesto puede tardar d\u00e9cadas en causar enfermedades como el mesotelioma y el c\u00e1ncer de pulm\u00f3n.<\/strong><\/p>\n\n\n\n<section class=\"boxtextnew\">\n            <div class=\"row pt-5 5 px-xl-0 px-lg-3\" style=\"padding:30px 10px !Important;background-color:#F8F7F6;margin:0px\">\n                <div class=\"col-md-12\">\n                    <table style=\"width:90%;margin:0px auto\">\n                        <tbody><tr>                            \n                            <td style=\"width:90%;text-align:left\"><p style=\"margin-top:12px\">En AsbestosClaims.Law, hemos ayudado a miles de personas que estuvieron expuestas al asbesto en su trabajo, autom\u00f3vil o en casa.<\/p><h5 style=\"margin-top:12px;text-align:right\">\u00bfPodemos ayudarte?<\/h5><\/td>                            \n                        <\/tr>\n                    <\/tbody><\/table>\n                <\/div>\n            <\/div>\n<\/section>\n\n\n\n<p style=\"font-size: 0.7rem\">1 <a href=\"https:\/\/www.tandfonline.com\/doi\/abs\/10.1080\/10408440701845609?journalCode=itxc20\" target=\"_blank\" rel=\"noopener noreferrer\">Una evaluaci\u00f3n de las exposiciones al asbesto crisotilo sin efectos notificadas para el c\u00e1ncer de pulm\u00f3n y el mesotelioma<\/a>, Jennifer S. Pierce, Meg A. McKinley, Dennis J. Paustenbach &amp; Brent L. Finley, Critical Views In Toxicology (2008).<br>\n2 <a href=\"https:\/\/www.researchgate.net\/profile\/Peter-Preuss-3\/publication\/226179097_CRITIQUE-Consumer_product_safety_Risk_assessment_of_exposure_to_asbestos_emissions_from_hand-held_hair_dryers\/links\/5761627a08ae2b8d20ed576b\/CRITIQUE-Consumer-product-safety-Risk-assessment-of-exposure-to-asbestos-emissions-from-hand-held-hair-dryers.pdf\" target=\"_blank\" rel=\"noopener noreferrer\">https:\/\/www.researchgate.net\/profile\/Peter-Preuss-3\/publication\/226179097_CRITIQUE-Consumer_product_safety_Risk_assessment_of_exposure_to_asbestos_emissions_from_hand-held_hair_dryers\/links\/5761627a08ae2b8d20ed576b\/CRITIQUE-Consumer-product-safety-Risk-assessment-of-exposure-to-asbestos-emissions-from-hand-held-hair-dryers.pdf<\/a><\/p>"},"excerpt":{"rendered":"<p>Household Exposure to Asbestos If you shared a household or other space with someone who was regularly exposed to asbestos at work, you also may have been exposed to asbestos. Asbestos fibers are tiny, durable, and can cling to work clothes and tools. Nowadays, people cleaning asbestos are required to wear special protective masks and [&#8230;]<\/p>\n<p><a class=\"btn btn-secondary understrap-read-more-link\" href=\"https:\/\/www.asbestosclaims.law\/es\/fuentes-de-exposicion\/exposicion-del-hogar\/\">Leer m\u00e1s&#8230;<\/a><\/p>","protected":false},"author":1,"featured_media":0,"parent":3555,"menu_order":68,"comment_status":"closed","ping_status":"closed","template":"page-templates\/page-sidebar-template.php","meta":{"_acf_changed":false,"ub_ctt_via":"","footnotes":""},"class_list":["post-3589","page","type-page","status-publish","hentry"],"acf":[],"featured_image_src":null,"_links":{"self":[{"href":"https:\/\/www.asbestosclaims.law\/es\/wp-json\/wp\/v2\/pages\/3589","targetHints":{"allow":["GET"]}}],"collection":[{"href":"https:\/\/www.asbestosclaims.law\/es\/wp-json\/wp\/v2\/pages"}],"about":[{"href":"https:\/\/www.asbestosclaims.law\/es\/wp-json\/wp\/v2\/types\/page"}],"author":[{"embeddable":true,"href":"https:\/\/www.asbestosclaims.law\/es\/wp-json\/wp\/v2\/users\/1"}],"replies":[{"embeddable":true,"href":"https:\/\/www.asbestosclaims.law\/es\/wp-json\/wp\/v2\/comments?post=3589"}],"version-history":[{"count":2,"href":"https:\/\/www.asbestosclaims.law\/es\/wp-json\/wp\/v2\/pages\/3589\/revisions"}],"predecessor-version":[{"id":16268,"href":"https:\/\/www.asbestosclaims.law\/es\/wp-json\/wp\/v2\/pages\/3589\/revisions\/16268"}],"up":[{"embeddable":true,"href":"https:\/\/www.asbestosclaims.law\/es\/wp-json\/wp\/v2\/pages\/3555"}],"wp:attachment":[{"href":"https:\/\/www.asbestosclaims.law\/es\/wp-json\/wp\/v2\/media?parent=3589"}],"curies":[{"name":"wp","href":"https:\/\/api.w.org\/{rel}","templated":true}]}}